
 

{"id":1582,"date":"2024-04-25T05:12:42","date_gmt":"2024-04-25T05:12:42","guid":{"rendered":"https:\/\/www.toneleriaherfe.com\/?page_id=1582"},"modified":"2024-04-25T05:50:40","modified_gmt":"2024-04-25T05:50:40","slug":"el-grano-de-la-madera","status":"publish","type":"page","link":"https:\/\/www.toneleriaherfe.com\/de\/el-grano-de-la-madera\/","title":{"rendered":"El grano de la madera"},"content":{"rendered":"<div data-elementor-type=\"wp-page\" data-elementor-id=\"1582\" class=\"elementor elementor-1582\" data-elementor-post-type=\"page\">\n\t\t\t\t<div class=\"elementor-element elementor-element-a56bdea e-flex e-con-boxed e-con e-parent\" data-id=\"a56bdea\" data-element_type=\"container\" data-e-type=\"container\" data-settings=\"{&quot;background_background&quot;:&quot;classic&quot;}\">\n\t\t\t\t\t<div class=\"e-con-inner\">\n\t\t<div class=\"elementor-element elementor-element-046c3bb e-con-full e-flex elementor-invisible e-con e-child\" data-id=\"046c3bb\" data-element_type=\"container\" data-e-type=\"container\" data-settings=\"{&quot;animation&quot;:&quot;fadeInUp&quot;}\">\n\t\t\t\t<div class=\"elementor-element elementor-element-4b297dd elementor-widget elementor-widget-heading\" data-id=\"4b297dd\" data-element_type=\"widget\" data-e-type=\"widget\" data-widget_type=\"heading.default\">\n\t\t\t\t<div class=\"elementor-widget-container\">\n\t\t\t\t\t<h1 class=\"elementor-heading-title elementor-size-default\">El grano de la madera<\/h1>\t\t\t\t<\/div>\n\t\t\t\t<\/div>\n\t\t\t\t<\/div>\n\t\t\t\t\t<\/div>\n\t\t\t\t<\/div>\n\t\t<div class=\"elementor-element elementor-element-f7855e9 e-flex e-con-boxed e-con e-parent\" data-id=\"f7855e9\" data-element_type=\"container\" data-e-type=\"container\" data-settings=\"{&quot;background_background&quot;:&quot;classic&quot;}\">\n\t\t\t\t\t<div class=\"e-con-inner\">\n\t\t<div class=\"elementor-element elementor-element-9710612 e-con-full e-flex e-con e-child\" data-id=\"9710612\" data-element_type=\"container\" data-e-type=\"container\">\n\t\t<div class=\"elementor-element elementor-element-d8e8af7 e-con-full e-flex elementor-invisible e-con e-child\" data-id=\"d8e8af7\" data-element_type=\"container\" data-e-type=\"container\" data-settings=\"{&quot;animation&quot;:&quot;fadeIn&quot;}\">\n\t\t\t\t<div class=\"elementor-element elementor-element-6e55ce4 elementor-widget elementor-widget-heading\" data-id=\"6e55ce4\" data-element_type=\"widget\" data-e-type=\"widget\" data-widget_type=\"heading.default\">\n\t\t\t\t<div class=\"elementor-widget-container\">\n\t\t\t\t\t<h2 class=\"elementor-heading-title elementor-size-default\">Entorno vivo<\/h2>\t\t\t\t<\/div>\n\t\t\t\t<\/div>\n\t\t\t\t<div class=\"elementor-element elementor-element-00b4196 elementor-widget elementor-widget-heading\" data-id=\"00b4196\" data-element_type=\"widget\" data-e-type=\"widget\" data-widget_type=\"heading.default\">\n\t\t\t\t<div class=\"elementor-widget-container\">\n\t\t\t\t\t<h2 class=\"elementor-heading-title elementor-size-default\">Crecimiento natural<\/h2>\t\t\t\t<\/div>\n\t\t\t\t<\/div>\n\t\t\t\t<div class=\"elementor-element elementor-element-4693f05 elementor-widget elementor-widget-text-editor\" data-id=\"4693f05\" data-element_type=\"widget\" data-e-type=\"widget\" data-widget_type=\"text-editor.default\">\n\t\t\t\t<div class=\"elementor-widget-container\">\n\t\t\t\t\t\t\t\t\t<p>Se denomina\u00a0grano\u00a0a los\u00a0anillos de crecimiento del roble.<br \/><br \/><strong>Un\u00a0grano fino\u00a0indicar\u00e1 que el crecimiento del \u00e1rbol ha sido muy lento.<\/strong><br \/><br \/><strong>Un\u00a0grano grueso\u00a0indicar\u00e1 que el crecimiento del \u00e1rbol ha sido muy r\u00e1pido.<\/strong><\/p>\t\t\t\t\t\t\t\t<\/div>\n\t\t\t\t<\/div>\n\t\t\t\t<\/div>\n\t\t<div class=\"elementor-element elementor-element-0067c88 e-con-full e-flex elementor-invisible e-con e-child\" data-id=\"0067c88\" data-element_type=\"container\" data-e-type=\"container\" data-settings=\"{&quot;background_background&quot;:&quot;classic&quot;,&quot;animation&quot;:&quot;fadeIn&quot;,&quot;animation_delay&quot;:100}\">\n\t\t\t\t<div class=\"elementor-element elementor-element-8da7d99 elementor-widget elementor-widget-spacer\" data-id=\"8da7d99\" data-element_type=\"widget\" data-e-type=\"widget\" data-widget_type=\"spacer.default\">\n\t\t\t\t<div class=\"elementor-widget-container\">\n\t\t\t\t\t\t\t<div class=\"elementor-spacer\">\n\t\t\t<div class=\"elementor-spacer-inner\"><\/div>\n\t\t<\/div>\n\t\t\t\t\t\t<\/div>\n\t\t\t\t<\/div>\n\t\t\t\t<\/div>\n\t\t\t\t<\/div>\n\t\t<div class=\"elementor-element elementor-element-83a65ff e-con-full e-flex e-con e-child\" data-id=\"83a65ff\" data-element_type=\"container\" data-e-type=\"container\">\n\t\t<div class=\"elementor-element elementor-element-0afed1e e-con-full e-flex elementor-invisible e-con e-child\" data-id=\"0afed1e\" data-element_type=\"container\" data-e-type=\"container\" data-settings=\"{&quot;background_background&quot;:&quot;classic&quot;,&quot;animation&quot;:&quot;fadeIn&quot;,&quot;animation_delay&quot;:100}\">\n\t\t\t\t<div class=\"elementor-element elementor-element-3a7efbc elementor-widget elementor-widget-spacer\" data-id=\"3a7efbc\" data-element_type=\"widget\" data-e-type=\"widget\" data-widget_type=\"spacer.default\">\n\t\t\t\t<div class=\"elementor-widget-container\">\n\t\t\t\t\t\t\t<div class=\"elementor-spacer\">\n\t\t\t<div class=\"elementor-spacer-inner\"><\/div>\n\t\t<\/div>\n\t\t\t\t\t\t<\/div>\n\t\t\t\t<\/div>\n\t\t\t\t<\/div>\n\t\t<div class=\"elementor-element elementor-element-50fbd7f e-con-full e-flex elementor-invisible e-con e-child\" data-id=\"50fbd7f\" data-element_type=\"container\" data-e-type=\"container\" data-settings=\"{&quot;animation&quot;:&quot;fadeIn&quot;}\">\n\t\t\t\t<div class=\"elementor-element elementor-element-8e59e0b elementor-widget elementor-widget-heading\" data-id=\"8e59e0b\" data-element_type=\"widget\" data-e-type=\"widget\" data-widget_type=\"heading.default\">\n\t\t\t\t<div class=\"elementor-widget-container\">\n\t\t\t\t\t<h2 class=\"elementor-heading-title elementor-size-default\">El grano de la madera<\/h2>\t\t\t\t<\/div>\n\t\t\t\t<\/div>\n\t\t\t\t<div class=\"elementor-element elementor-element-2ea5b7e elementor-widget elementor-widget-heading\" data-id=\"2ea5b7e\" data-element_type=\"widget\" data-e-type=\"widget\" data-widget_type=\"heading.default\">\n\t\t\t\t<div class=\"elementor-widget-container\">\n\t\t\t\t\t<h2 class=\"elementor-heading-title elementor-size-default\">Roble Franc\u00e9s<\/h2>\t\t\t\t<\/div>\n\t\t\t\t<\/div>\n\t\t\t\t<div class=\"elementor-element elementor-element-d25714e elementor-widget elementor-widget-text-editor\" data-id=\"d25714e\" data-element_type=\"widget\" data-e-type=\"widget\" data-widget_type=\"text-editor.default\">\n\t\t\t\t<div class=\"elementor-widget-container\">\n\t\t\t\t\t\t\t\t\t<p>En la madera de\u00a0roble franc\u00e9s\u00a0el grano suele ser\u00a0muy fino. Lo que es\u00a0muy importante en una barrica. No obstante,\u00a0se trabaja con hendido\u00a0para evitar cualquier problema de fugas que pueda surgir.<\/p>\t\t\t\t\t\t\t\t<\/div>\n\t\t\t\t<\/div>\n\t\t\t\t<\/div>\n\t\t\t\t<\/div>\n\t\t<div class=\"elementor-element elementor-element-9576b87 e-con-full e-flex e-con e-child\" data-id=\"9576b87\" data-element_type=\"container\" data-e-type=\"container\">\n\t\t<div class=\"elementor-element elementor-element-54aec05 e-con-full e-flex elementor-invisible e-con e-child\" data-id=\"54aec05\" data-element_type=\"container\" data-e-type=\"container\" data-settings=\"{&quot;animation&quot;:&quot;fadeIn&quot;}\">\n\t\t\t\t<div class=\"elementor-element elementor-element-f3c6486 elementor-widget elementor-widget-heading\" data-id=\"f3c6486\" data-element_type=\"widget\" data-e-type=\"widget\" data-widget_type=\"heading.default\">\n\t\t\t\t<div class=\"elementor-widget-container\">\n\t\t\t\t\t<h2 class=\"elementor-heading-title elementor-size-default\">El grano de la madera<\/h2>\t\t\t\t<\/div>\n\t\t\t\t<\/div>\n\t\t\t\t<div class=\"elementor-element elementor-element-b8ffb83 elementor-widget elementor-widget-heading\" data-id=\"b8ffb83\" data-element_type=\"widget\" data-e-type=\"widget\" data-widget_type=\"heading.default\">\n\t\t\t\t<div class=\"elementor-widget-container\">\n\t\t\t\t\t<h2 class=\"elementor-heading-title elementor-size-default\">Roble americano<\/h2>\t\t\t\t<\/div>\n\t\t\t\t<\/div>\n\t\t\t\t<div class=\"elementor-element elementor-element-98a5eba elementor-widget elementor-widget-text-editor\" data-id=\"98a5eba\" data-element_type=\"widget\" data-e-type=\"widget\" data-widget_type=\"text-editor.default\">\n\t\t\t\t<div class=\"elementor-widget-container\">\n\t\t\t\t\t\t\t\t\t<p>Por las condiciones clim\u00e1ticas de las mejores\u00a0zonas forestales de EEUU\u00a0(Missouri sobre todo), donde llueve mucho, el crecimiento suele ser m\u00e1s r\u00e1pido, por lo que\u00a0el grano es m\u00e1s grueso que el del roble europeo,\u00a0pero no por ello es de peor calidad\u00a0debido a los pasos que realizan al trabajar la madera, como el secado y el aserrado.<br \/><br \/>El\u00a0roble americano\u00a0no tiene problemas de filtraciones, debido al aserrado que se le aplica, con lo cual,\u00a0no tiene tanta importancia seleccionar el grano, sino que\u00a0adquiere m\u00e1s importancia que la madera haya sido bien secada al aire libre durante al menos 2 a\u00f1os o incluso 2 a\u00f1os y medio.<\/p>\t\t\t\t\t\t\t\t<\/div>\n\t\t\t\t<\/div>\n\t\t\t\t<\/div>\n\t\t<div class=\"elementor-element elementor-element-d250c7e e-con-full e-flex elementor-invisible e-con e-child\" data-id=\"d250c7e\" data-element_type=\"container\" data-e-type=\"container\" data-settings=\"{&quot;background_background&quot;:&quot;classic&quot;,&quot;animation&quot;:&quot;fadeIn&quot;,&quot;animation_delay&quot;:100}\">\n\t\t\t\t<div class=\"elementor-element elementor-element-0968e88 elementor-widget elementor-widget-spacer\" data-id=\"0968e88\" data-element_type=\"widget\" data-e-type=\"widget\" data-widget_type=\"spacer.default\">\n\t\t\t\t<div class=\"elementor-widget-container\">\n\t\t\t\t\t\t\t<div class=\"elementor-spacer\">\n\t\t\t<div class=\"elementor-spacer-inner\"><\/div>\n\t\t<\/div>\n\t\t\t\t\t\t<\/div>\n\t\t\t\t<\/div>\n\t\t\t\t<\/div>\n\t\t\t\t<\/div>\n\t\t\t\t\t<\/div>\n\t\t\t\t<\/div>\n\t\t<div class=\"elementor-element elementor-element-5044e14 e-flex e-con-boxed e-con e-parent\" data-id=\"5044e14\" data-element_type=\"container\" data-e-type=\"container\" data-settings=\"{&quot;background_background&quot;:&quot;classic&quot;}\">\n\t\t\t\t\t<div class=\"e-con-inner\">\n\t\t<div class=\"elementor-element elementor-element-afb9690 e-con-full e-flex e-con e-child\" data-id=\"afb9690\" data-element_type=\"container\" data-e-type=\"container\">\n\t\t<div class=\"elementor-element elementor-element-aed296a e-con-full e-flex elementor-invisible e-con e-child\" data-id=\"aed296a\" data-element_type=\"container\" data-e-type=\"container\" data-settings=\"{&quot;animation&quot;:&quot;fadeIn&quot;}\">\n\t\t\t\t<div class=\"elementor-element elementor-element-c152138 elementor-widget elementor-widget-heading\" data-id=\"c152138\" data-element_type=\"widget\" data-e-type=\"widget\" data-widget_type=\"heading.default\">\n\t\t\t\t<div class=\"elementor-widget-container\">\n\t\t\t\t\t<h2 class=\"elementor-heading-title elementor-size-default\">Nos sentimos parte del sector vinicola<\/h2>\t\t\t\t<\/div>\n\t\t\t\t<\/div>\n\t\t\t\t<div class=\"elementor-element elementor-element-ba2589a elementor-widget elementor-widget-heading\" data-id=\"ba2589a\" data-element_type=\"widget\" data-e-type=\"widget\" data-widget_type=\"heading.default\">\n\t\t\t\t<div class=\"elementor-widget-container\">\n\t\t\t\t\t<h2 class=\"elementor-heading-title elementor-size-default\">Parte de la crianza<\/h2>\t\t\t\t<\/div>\n\t\t\t\t<\/div>\n\t\t\t\t<div class=\"elementor-element elementor-element-1459aed elementor-widget elementor-widget-text-editor\" data-id=\"1459aed\" data-element_type=\"widget\" data-e-type=\"widget\" data-widget_type=\"text-editor.default\">\n\t\t\t\t<div class=\"elementor-widget-container\">\n\t\t\t\t\t\t\t\t\t<p>Somos conscientes de que la calidad de nuestras barricas redunda en la\u00a0calidad de los vinos\u00a0que va a contener.<br \/>Cuidamos la producci\u00f3n paso a paso\u00a0hasta finalizar cada unidad, en nuestro inter\u00e9s de lograr una\u00a0barrica perfecta<\/p>\t\t\t\t\t\t\t\t<\/div>\n\t\t\t\t<\/div>\n\t\t\t\t<\/div>\n\t\t<div class=\"elementor-element elementor-element-af2a640 e-con-full e-flex elementor-invisible e-con e-child\" data-id=\"af2a640\" data-element_type=\"container\" data-e-type=\"container\" data-settings=\"{&quot;background_background&quot;:&quot;classic&quot;,&quot;animation&quot;:&quot;fadeIn&quot;,&quot;animation_delay&quot;:100}\">\n\t\t\t\t<div class=\"elementor-element elementor-element-1454d55 elementor-widget elementor-widget-spacer\" data-id=\"1454d55\" data-element_type=\"widget\" data-e-type=\"widget\" data-widget_type=\"spacer.default\">\n\t\t\t\t<div class=\"elementor-widget-container\">\n\t\t\t\t\t\t\t<div class=\"elementor-spacer\">\n\t\t\t<div class=\"elementor-spacer-inner\"><\/div>\n\t\t<\/div>\n\t\t\t\t\t\t<\/div>\n\t\t\t\t<\/div>\n\t\t\t\t<\/div>\n\t\t\t\t<\/div>\n\t\t\t\t\t<\/div>\n\t\t\t\t<\/div>\n\t\t<div class=\"elementor-element elementor-element-752be58 e-flex e-con-boxed e-con e-parent\" data-id=\"752be58\" data-element_type=\"container\" data-e-type=\"container\" data-settings=\"{&quot;background_background&quot;:&quot;classic&quot;}\">\n\t\t\t\t\t<div class=\"e-con-inner\">\n\t\t<div class=\"elementor-element elementor-element-81560e6 e-con-full e-flex e-con e-child\" data-id=\"81560e6\" data-element_type=\"container\" data-e-type=\"container\">\n\t\t<div class=\"elementor-element elementor-element-009dc7e e-flex e-con-boxed elementor-invisible e-con e-child\" data-id=\"009dc7e\" data-element_type=\"container\" data-e-type=\"container\" data-settings=\"{&quot;animation&quot;:&quot;fadeIn&quot;}\">\n\t\t\t\t\t<div class=\"e-con-inner\">\n\t\t\t\t<div class=\"elementor-element elementor-element-79718df elementor-widget elementor-widget-heading\" data-id=\"79718df\" data-element_type=\"widget\" data-e-type=\"widget\" data-widget_type=\"heading.default\">\n\t\t\t\t<div class=\"elementor-widget-container\">\n\t\t\t\t\t<h4 class=\"elementor-heading-title elementor-size-default\">Curiosidades sobre nuestras barricas<\/h4>\t\t\t\t<\/div>\n\t\t\t\t<\/div>\n\t\t\t\t<div class=\"elementor-element elementor-element-813769f elementor-widget__width-initial elementor-widget elementor-widget-heading\" data-id=\"813769f\" data-element_type=\"widget\" data-e-type=\"widget\" data-widget_type=\"heading.default\">\n\t\t\t\t<div class=\"elementor-widget-container\">\n\t\t\t\t\t<h2 class=\"elementor-heading-title elementor-size-default\">Conoce m\u00e1s sobre la elaboraci\u00f3n de la barrica<\/h2>\t\t\t\t<\/div>\n\t\t\t\t<\/div>\n\t\t\t\t<div class=\"elementor-element elementor-element-d2ff6e5 elementor-widget__width-initial elementor-widget elementor-widget-heading\" data-id=\"d2ff6e5\" data-element_type=\"widget\" data-e-type=\"widget\" data-widget_type=\"heading.default\">\n\t\t\t\t<div class=\"elementor-widget-container\">\n\t\t\t\t\t<h3 class=\"elementor-heading-title elementor-size-default\">Estamos especializados en la fabricaci\u00f3n de\u00a0Barrica Bordelesa\u00a0a la\u00a0medida de las necesidades de cada cliente y vino, pudiendo definir la madera seg\u00fan el grano necesario y el grado de tostado final. Tambi\u00e9n otros\u00a0acabados\u00a0y la\u00a0personalizaci\u00f3n final\u00a0de marcado e identificaci\u00f3n. <br> <br>\nAqu\u00ed te contamos varios\u00a0elementos claves\u00a0en la elaboraci\u00f3n de una\u00a0barrica bordelesa.<\/h3>\t\t\t\t<\/div>\n\t\t\t\t<\/div>\n\t\t\t\t\t<\/div>\n\t\t\t\t<\/div>\n\t\t\t\t<\/div>\n\t\t<div class=\"elementor-element elementor-element-aae537f e-con-full e-flex e-con e-child\" data-id=\"aae537f\" data-element_type=\"container\" data-e-type=\"container\">\n\t\t<div class=\"elementor-element elementor-element-3b670c8 e-grid e-con-boxed e-con e-child\" data-id=\"3b670c8\" data-element_type=\"container\" data-e-type=\"container\">\n\t\t\t\t\t<div class=\"e-con-inner\">\n\t\t<a class=\"elementor-element elementor-element-ac658c7 e-con-full e-flex elementor-invisible e-con e-child\" data-id=\"ac658c7\" data-element_type=\"container\" data-e-type=\"container\" data-settings=\"{&quot;background_background&quot;:&quot;classic&quot;,&quot;animation&quot;:&quot;fadeIn&quot;}\" href=\"https:\/\/www.toneleriaherfe.com\/de\/paso-a-paso\/\">\n\t\t\t\t<div class=\"elementor-element elementor-element-714db9c elementor-widget elementor-widget-image\" data-id=\"714db9c\" data-element_type=\"widget\" data-e-type=\"widget\" data-widget_type=\"image.default\">\n\t\t\t\t<div class=\"elementor-widget-container\">\n\t\t\t\t\t\t\t\t\t\t\t\t\t\t\t<img decoding=\"async\" width=\"61\" height=\"60\" src=\"https:\/\/www.toneleriaherfe.com\/wp-content\/uploads\/2024\/04\/Icon-paso-a-paso.svg\" class=\"attachment-large size-large wp-image-711\" alt=\"Icon paso a paso\" \/>\t\t\t\t\t\t\t\t\t\t\t\t\t\t\t<\/div>\n\t\t\t\t<\/div>\n\t\t\t\t<div class=\"elementor-element elementor-element-96272e9 elementor-widget elementor-widget-heading\" data-id=\"96272e9\" data-element_type=\"widget\" data-e-type=\"widget\" data-widget_type=\"heading.default\">\n\t\t\t\t<div class=\"elementor-widget-container\">\n\t\t\t\t\t<h2 class=\"elementor-heading-title elementor-size-default\"><a href=\"https:\/\/toneleriamartin.com\/paso-a-paso\/\">Paso a paso<\/a><\/h2>\t\t\t\t<\/div>\n\t\t\t\t<\/div>\n\t\t\t\t<div class=\"elementor-element elementor-element-bd31f4b elementor-widget elementor-widget-text-editor\" data-id=\"bd31f4b\" data-element_type=\"widget\" data-e-type=\"widget\" data-widget_type=\"text-editor.default\">\n\t\t\t\t<div class=\"elementor-widget-container\">\n\t\t\t\t\t\t\t\t\t<p>Te mostramos el proceso que seguimos para obtener una barrica finalizada y lista para la crianza.<\/p>\t\t\t\t\t\t\t\t<\/div>\n\t\t\t\t<\/div>\n\t\t\t\t<\/a>\n\t\t<a class=\"elementor-element elementor-element-988cf56 e-con-full e-flex elementor-invisible e-con e-child\" data-id=\"988cf56\" data-element_type=\"container\" data-e-type=\"container\" data-settings=\"{&quot;background_background&quot;:&quot;classic&quot;,&quot;animation&quot;:&quot;fadeIn&quot;,&quot;animation_delay&quot;:100}\" href=\"https:\/\/www.toneleriaherfe.com\/de\/elementos-de-la-barrica-bordelesa\/\">\n\t\t\t\t<div class=\"elementor-element elementor-element-ccf8edd elementor-widget elementor-widget-image\" data-id=\"ccf8edd\" data-element_type=\"widget\" data-e-type=\"widget\" data-widget_type=\"image.default\">\n\t\t\t\t<div class=\"elementor-widget-container\">\n\t\t\t\t\t\t\t\t\t\t\t\t\t\t\t<img decoding=\"async\" width=\"61\" height=\"60\" src=\"https:\/\/www.toneleriaherfe.com\/wp-content\/uploads\/2024\/04\/Icon-elementos.svg\" class=\"attachment-large size-large wp-image-712\" alt=\"Icon elementos\" \/>\t\t\t\t\t\t\t\t\t\t\t\t\t\t\t<\/div>\n\t\t\t\t<\/div>\n\t\t\t\t<div class=\"elementor-element elementor-element-4807443 elementor-widget elementor-widget-heading\" data-id=\"4807443\" data-element_type=\"widget\" data-e-type=\"widget\" data-widget_type=\"heading.default\">\n\t\t\t\t<div class=\"elementor-widget-container\">\n\t\t\t\t\t<h2 class=\"elementor-heading-title elementor-size-default\"><a href=\"https:\/\/toneleriamartin.com\/elementos-de-la-barrica-bordelesa\/\">Elementos<\/a><\/h2>\t\t\t\t<\/div>\n\t\t\t\t<\/div>\n\t\t\t\t<div class=\"elementor-element elementor-element-c973ea9 elementor-widget elementor-widget-text-editor\" data-id=\"c973ea9\" data-element_type=\"widget\" data-e-type=\"widget\" data-widget_type=\"text-editor.default\">\n\t\t\t\t<div class=\"elementor-widget-container\">\n\t\t\t\t\t\t\t\t\t<p>\u00bfQuieres conocer un poco mejor una barrica? Te mostramos cada elemento y su composici\u00f3n.<\/p>\t\t\t\t\t\t\t\t<\/div>\n\t\t\t\t<\/div>\n\t\t\t\t<\/a>\n\t\t<a class=\"elementor-element elementor-element-8bf06e1 e-con-full e-flex elementor-invisible e-con e-child\" data-id=\"8bf06e1\" data-element_type=\"container\" data-e-type=\"container\" data-settings=\"{&quot;background_background&quot;:&quot;classic&quot;,&quot;animation&quot;:&quot;fadeIn&quot;,&quot;animation_delay&quot;:200}\" href=\"https:\/\/www.toneleriaherfe.com\/de\/el-tostado\/\">\n\t\t\t\t<div class=\"elementor-element elementor-element-639f924 elementor-widget elementor-widget-image\" data-id=\"639f924\" data-element_type=\"widget\" data-e-type=\"widget\" data-widget_type=\"image.default\">\n\t\t\t\t<div class=\"elementor-widget-container\">\n\t\t\t\t\t\t\t\t\t\t\t\t\t\t\t<img decoding=\"async\" width=\"61\" height=\"60\" src=\"https:\/\/www.toneleriaherfe.com\/wp-content\/uploads\/2024\/04\/Icon-tostado.svg\" class=\"attachment-large size-large wp-image-713\" alt=\"Icon tostado\" \/>\t\t\t\t\t\t\t\t\t\t\t\t\t\t\t<\/div>\n\t\t\t\t<\/div>\n\t\t\t\t<div class=\"elementor-element elementor-element-3afe53a elementor-widget elementor-widget-heading\" data-id=\"3afe53a\" data-element_type=\"widget\" data-e-type=\"widget\" data-widget_type=\"heading.default\">\n\t\t\t\t<div class=\"elementor-widget-container\">\n\t\t\t\t\t<h2 class=\"elementor-heading-title elementor-size-default\"><a href=\"https:\/\/toneleriamartin.com\/el-tostado\/\">El Tostado<\/a><\/h2>\t\t\t\t<\/div>\n\t\t\t\t<\/div>\n\t\t\t\t<div class=\"elementor-element elementor-element-dcdddd0 elementor-widget elementor-widget-text-editor\" data-id=\"dcdddd0\" data-element_type=\"widget\" data-e-type=\"widget\" data-widget_type=\"text-editor.default\">\n\t\t\t\t<div class=\"elementor-widget-container\">\n\t\t\t\t\t\t\t\t\t<p>El diferente tipo de tostado se elige en funci\u00f3n del vino que quiera elaborar.<\/p>\t\t\t\t\t\t\t\t<\/div>\n\t\t\t\t<\/div>\n\t\t\t\t<\/a>\n\t\t<a class=\"elementor-element elementor-element-271c0f8 e-con-full e-flex elementor-invisible e-con e-child\" data-id=\"271c0f8\" data-element_type=\"container\" data-e-type=\"container\" data-settings=\"{&quot;background_background&quot;:&quot;classic&quot;,&quot;animation&quot;:&quot;fadeIn&quot;,&quot;animation_delay&quot;:200}\" href=\"https:\/\/www.toneleriaherfe.com\/de\/el-grano-de-la-madera\/\">\n\t\t\t\t<div class=\"elementor-element elementor-element-9d68b4c elementor-widget elementor-widget-image\" data-id=\"9d68b4c\" data-element_type=\"widget\" data-e-type=\"widget\" data-widget_type=\"image.default\">\n\t\t\t\t<div class=\"elementor-widget-container\">\n\t\t\t\t\t\t\t\t\t\t\t\t\t\t\t<img loading=\"lazy\" decoding=\"async\" width=\"61\" height=\"60\" src=\"https:\/\/www.toneleriaherfe.com\/wp-content\/uploads\/2024\/04\/Icon-el-grano.svg\" class=\"attachment-large size-large wp-image-714\" alt=\"Icon el grano\" \/>\t\t\t\t\t\t\t\t\t\t\t\t\t\t\t<\/div>\n\t\t\t\t<\/div>\n\t\t\t\t<div class=\"elementor-element elementor-element-4ced0de elementor-widget elementor-widget-heading\" data-id=\"4ced0de\" data-element_type=\"widget\" data-e-type=\"widget\" data-widget_type=\"heading.default\">\n\t\t\t\t<div class=\"elementor-widget-container\">\n\t\t\t\t\t<h2 class=\"elementor-heading-title elementor-size-default\"><a href=\"https:\/\/toneleriamartin.com\/el-grano\/\">El grano<\/a><\/h2>\t\t\t\t<\/div>\n\t\t\t\t<\/div>\n\t\t\t\t<div class=\"elementor-element elementor-element-c8fdbc3 elementor-widget elementor-widget-text-editor\" data-id=\"c8fdbc3\" data-element_type=\"widget\" data-e-type=\"widget\" data-widget_type=\"text-editor.default\">\n\t\t\t\t<div class=\"elementor-widget-container\">\n\t\t\t\t\t\t\t\t\t<p>Los anillos de crecimiento del roble tambi\u00e9n influyen en la crianza de los vinos.<\/p>\t\t\t\t\t\t\t\t<\/div>\n\t\t\t\t<\/div>\n\t\t\t\t<\/a>\n\t\t\t\t\t<\/div>\n\t\t\t\t<\/div>\n\t\t\t\t<\/div>\n\t\t\t\t\t<\/div>\n\t\t\t\t<\/div>\n\t\t<div class=\"elementor-element elementor-element-20bff95 e-flex e-con-boxed e-con e-parent\" data-id=\"20bff95\" data-element_type=\"container\" data-e-type=\"container\" data-settings=\"{&quot;background_background&quot;:&quot;classic&quot;}\">\n\t\t\t\t\t<div class=\"e-con-inner\">\n\t\t<div class=\"elementor-element elementor-element-7615d02 e-con-full e-flex e-con e-child\" data-id=\"7615d02\" data-element_type=\"container\" data-e-type=\"container\">\n\t\t<div class=\"elementor-element elementor-element-144b408 e-con-full e-flex elementor-invisible e-con e-child\" data-id=\"144b408\" data-element_type=\"container\" data-e-type=\"container\" data-settings=\"{&quot;background_background&quot;:&quot;classic&quot;,&quot;animation&quot;:&quot;fadeInLeft&quot;}\">\n\t\t\t\t<div class=\"elementor-element elementor-element-1d58e8f elementor-widget elementor-widget-heading\" data-id=\"1d58e8f\" data-element_type=\"widget\" data-e-type=\"widget\" data-widget_type=\"heading.default\">\n\t\t\t\t<div class=\"elementor-widget-container\">\n\t\t\t\t\t<h2 class=\"elementor-heading-title elementor-size-default\">Contacta con nosotros<\/h2>\t\t\t\t<\/div>\n\t\t\t\t<\/div>\n\t\t\t\t<div class=\"elementor-element elementor-element-b3ee877 elementor-widget elementor-widget-heading\" data-id=\"b3ee877\" data-element_type=\"widget\" data-e-type=\"widget\" data-widget_type=\"heading.default\">\n\t\t\t\t<div class=\"elementor-widget-container\">\n\t\t\t\t\t<h2 class=\"elementor-heading-title elementor-size-default\">Lorem ipsum dolor sit amet consectetur. Dictum diam <\/h2>\t\t\t\t<\/div>\n\t\t\t\t<\/div>\n\t\t\t\t<div class=\"elementor-element elementor-element-5c0335e elementor-widget elementor-widget-heading\" data-id=\"5c0335e\" data-element_type=\"widget\" data-e-type=\"widget\" data-widget_type=\"heading.default\">\n\t\t\t\t<div class=\"elementor-widget-container\">\n\t\t\t\t\t<h3 class=\"elementor-heading-title elementor-size-default\">Lorem ipsum dolor sit amet consectetur. Accumsan id nulla mauris ac ut amet nulla in. Blandit nunc nibh orci facilisis<\/h3>\t\t\t\t<\/div>\n\t\t\t\t<\/div>\n\t\t\t\t<div class=\"elementor-element elementor-element-6ba2d90 elementor-button-align-stretch elementor-widget elementor-widget-form\" data-id=\"6ba2d90\" data-element_type=\"widget\" data-e-type=\"widget\" data-settings=\"{&quot;step_next_label&quot;:&quot;Siguiente&quot;,&quot;step_previous_label&quot;:&quot;Anterior&quot;,&quot;button_width&quot;:&quot;100&quot;,&quot;step_type&quot;:&quot;number_text&quot;,&quot;step_icon_shape&quot;:&quot;circle&quot;}\" data-widget_type=\"form.default\">\n\t\t\t\t<div class=\"elementor-widget-container\">\n\t\t\t\t\t\t\t<form class=\"elementor-form\" method=\"post\" name=\"Nuevo formulario\" action=\"\">\n\t\t\t<input type=\"hidden\" name=\"post_id\" value=\"1582\"\/>\n\t\t\t<input type=\"hidden\" name=\"form_id\" value=\"6ba2d90\"\/>\n\t\t\t<input type=\"hidden\" name=\"referer_title\" value=\"El grano de la madera - Toneler\u00eda Herfe\" \/>\n\n\t\t\t\t\t\t\t<input type=\"hidden\" name=\"queried_id\" value=\"1582\"\/>\n\t\t\t\n\t\t\t<div class=\"elementor-form-fields-wrapper elementor-labels-above\">\n\t\t\t\t\t\t\t\t<div class=\"elementor-field-type-text elementor-field-group elementor-column elementor-field-group-name elementor-col-100 elementor-field-required\">\n\t\t\t\t\t\t\t\t\t\t\t\t<label for=\"form-field-name\" class=\"elementor-field-label\">\n\t\t\t\t\t\t\t\tNombre completo \t\t\t\t\t\t\t<\/label>\n\t\t\t\t\t\t\t\t\t\t\t\t\t\t<input size=\"1\" type=\"text\" name=\"form_fields[name]\" id=\"form-field-name\" class=\"elementor-field elementor-size-sm  elementor-field-textual\" placeholder=\"Ingresa tu nombre completo\" required=\"required\" aria-required=\"true\">\n\t\t\t\t\t\t\t\t\t\t\t<\/div>\n\t\t\t\t\t\t\t\t<div class=\"elementor-field-type-email elementor-field-group elementor-column elementor-field-group-email elementor-col-100 elementor-field-required\">\n\t\t\t\t\t\t\t\t\t\t\t\t<label for=\"form-field-email\" class=\"elementor-field-label\">\n\t\t\t\t\t\t\t\tDirecci\u00f3n de email\t\t\t\t\t\t\t<\/label>\n\t\t\t\t\t\t\t\t\t\t\t\t\t\t<input size=\"1\" type=\"email\" name=\"form_fields[email]\" id=\"form-field-email\" class=\"elementor-field elementor-size-sm  elementor-field-textual\" placeholder=\"Ingresa tu direcci\u00f3n de email\" required=\"required\" aria-required=\"true\">\n\t\t\t\t\t\t\t\t\t\t\t<\/div>\n\t\t\t\t\t\t\t\t<div class=\"elementor-field-type-tel elementor-field-group elementor-column elementor-field-group-field_ea7cabd elementor-col-100 elementor-field-required\">\n\t\t\t\t\t\t\t\t\t\t\t\t<label for=\"form-field-field_ea7cabd\" class=\"elementor-field-label\">\n\t\t\t\t\t\t\t\tNumero de tel\u00e9fono\t\t\t\t\t\t\t<\/label>\n\t\t\t\t\t\t\t\t<input size=\"1\" type=\"tel\" name=\"form_fields[field_ea7cabd]\" id=\"form-field-field_ea7cabd\" class=\"elementor-field elementor-size-sm  elementor-field-textual\" placeholder=\"Ingresa tu numero de tel\u00e9fono\" required=\"required\" aria-required=\"true\" pattern=\"[0-9()#&amp;+*-=.]+\" title=\"Solo se aceptan n\u00fameros y caracteres de tel\u00e9fono (#,-,*,etc).\">\n\n\t\t\t\t\t\t<\/div>\n\t\t\t\t\t\t\t\t<div class=\"elementor-field-type-textarea elementor-field-group elementor-column elementor-field-group-message elementor-col-100\">\n\t\t\t\t\t\t\t\t\t\t\t\t<label for=\"form-field-message\" class=\"elementor-field-label\">\n\t\t\t\t\t\t\t\tMensaje\t\t\t\t\t\t\t<\/label>\n\t\t\t\t\t\t<textarea class=\"elementor-field-textual elementor-field  elementor-size-sm\" name=\"form_fields[message]\" id=\"form-field-message\" rows=\"1\" placeholder=\"Mensaje\"><\/textarea>\t\t\t\t<\/div>\n\t\t\t\t\t\t\t\t<div class=\"elementor-field-group elementor-column elementor-field-type-submit elementor-col-100 e-form__buttons\">\n\t\t\t\t\t<button class=\"elementor-button elementor-size-sm\" type=\"submit\">\n\t\t\t\t\t\t<span class=\"elementor-button-content-wrapper\">\n\t\t\t\t\t\t\t\t\t\t\t\t\t\t\t\t\t\t\t\t\t\t<span class=\"elementor-button-text\">Contacta con nosotros<\/span>\n\t\t\t\t\t\t\t\t\t\t\t\t\t<\/span>\n\t\t\t\t\t<\/button>\n\t\t\t\t<\/div>\n\t\t\t<\/div>\n\t\t<input type=\"hidden\" name=\"trp-form-language\" value=\"de\"\/><\/form>\n\t\t\t\t\t\t<\/div>\n\t\t\t\t<\/div>\n\t\t\t\t<\/div>\n\t\t<div class=\"elementor-element elementor-element-7870f49 e-con-full e-flex e-con e-child\" data-id=\"7870f49\" data-element_type=\"container\" data-e-type=\"container\" data-settings=\"{&quot;background_background&quot;:&quot;classic&quot;}\">\n\t\t\t\t<div class=\"elementor-element elementor-element-8ca3fd3 elementor-widget elementor-widget-spacer\" data-id=\"8ca3fd3\" data-element_type=\"widget\" data-e-type=\"widget\" data-widget_type=\"spacer.default\">\n\t\t\t\t<div class=\"elementor-widget-container\">\n\t\t\t\t\t\t\t<div class=\"elementor-spacer\">\n\t\t\t<div class=\"elementor-spacer-inner\"><\/div>\n\t\t<\/div>\n\t\t\t\t\t\t<\/div>\n\t\t\t\t<\/div>\n\t\t\t\t<\/div>\n\t\t\t\t<\/div>\n\t\t\t\t\t<\/div>\n\t\t\t\t<\/div>\n\t\t\t\t<\/div>","protected":false},"excerpt":{"rendered":"<p>El grano de la madera Entorno vivo Crecimiento natural Se denomina\u00a0grano\u00a0a los\u00a0anillos de crecimiento del roble. Un\u00a0grano fino\u00a0indicar\u00e1 que el crecimiento del \u00e1rbol ha sido muy lento. Un\u00a0grano grueso\u00a0indicar\u00e1 que el crecimiento del \u00e1rbol ha sido muy r\u00e1pido. El grano de la madera Roble Franc\u00e9s En la madera de\u00a0roble franc\u00e9s\u00a0el grano suele ser\u00a0muy fino. Lo [&hellip;]<\/p>","protected":false},"author":1,"featured_media":0,"parent":0,"menu_order":0,"comment_status":"closed","ping_status":"closed","template":"elementor_header_footer","meta":{"_acf_changed":false,"footnotes":""},"class_list":["post-1582","page","type-page","status-publish","hentry"],"acf":[],"yoast_head":"<!-- This site is optimized with the Yoast SEO plugin v27.5 - https:\/\/yoast.com\/product\/yoast-seo-wordpress\/ -->\n<title>El grano de la madera - Toneler\u00eda Herfe<\/title>\n<meta name=\"robots\" content=\"index, follow, max-snippet:-1, max-image-preview:large, max-video-preview:-1\" \/>\n<link rel=\"canonical\" href=\"https:\/\/www.toneleriaherfe.com\/de\/el-grano-de-la-madera\/\" \/>\n<meta property=\"og:locale\" content=\"de_DE\" \/>\n<meta property=\"og:type\" content=\"article\" \/>\n<meta property=\"og:title\" content=\"El grano de la madera - Toneler\u00eda Herfe\" \/>\n<meta property=\"og:description\" content=\"El grano de la madera Entorno vivo Crecimiento natural Se denomina\u00a0grano\u00a0a los\u00a0anillos de crecimiento del roble. Un\u00a0grano fino\u00a0indicar\u00e1 que el crecimiento del \u00e1rbol ha sido muy lento. Un\u00a0grano grueso\u00a0indicar\u00e1 que el crecimiento del \u00e1rbol ha sido muy r\u00e1pido. El grano de la madera Roble Franc\u00e9s En la madera de\u00a0roble franc\u00e9s\u00a0el grano suele ser\u00a0muy fino. Lo [&hellip;]\" \/>\n<meta property=\"og:url\" content=\"https:\/\/www.toneleriaherfe.com\/de\/el-grano-de-la-madera\/\" \/>\n<meta property=\"og:site_name\" content=\"Toneler\u00eda Herfe\" \/>\n<meta property=\"article:modified_time\" content=\"2024-04-25T05:50:40+00:00\" \/>\n<meta property=\"og:image\" content=\"https:\/\/www.toneleriaherfe.com\/wp-content\/uploads\/2024\/04\/Icon-paso-a-paso.svg\" \/>\n<meta name=\"twitter:card\" content=\"summary_large_image\" \/>\n<meta name=\"twitter:label1\" content=\"Gesch\u00e4tzte Lesezeit\" \/>\n\t<meta name=\"twitter:data1\" content=\"3\u00a0Minuten\" \/>\n<script type=\"application\/ld+json\" class=\"yoast-schema-graph\">{\"@context\":\"https:\\\/\\\/schema.org\",\"@graph\":[{\"@type\":\"WebPage\",\"@id\":\"https:\\\/\\\/www.toneleriaherfe.com\\\/el-grano-de-la-madera\\\/\",\"url\":\"https:\\\/\\\/www.toneleriaherfe.com\\\/el-grano-de-la-madera\\\/\",\"name\":\"El grano de la madera - Toneler\u00eda Herfe\",\"isPartOf\":{\"@id\":\"https:\\\/\\\/www.toneleriaherfe.com\\\/#website\"},\"primaryImageOfPage\":{\"@id\":\"https:\\\/\\\/www.toneleriaherfe.com\\\/el-grano-de-la-madera\\\/#primaryimage\"},\"image\":{\"@id\":\"https:\\\/\\\/www.toneleriaherfe.com\\\/el-grano-de-la-madera\\\/#primaryimage\"},\"thumbnailUrl\":\"https:\\\/\\\/www.toneleriaherfe.com\\\/wp-content\\\/uploads\\\/2024\\\/04\\\/Icon-paso-a-paso.svg\",\"datePublished\":\"2024-04-25T05:12:42+00:00\",\"dateModified\":\"2024-04-25T05:50:40+00:00\",\"breadcrumb\":{\"@id\":\"https:\\\/\\\/www.toneleriaherfe.com\\\/el-grano-de-la-madera\\\/#breadcrumb\"},\"inLanguage\":\"de\",\"potentialAction\":[{\"@type\":\"ReadAction\",\"target\":[\"https:\\\/\\\/www.toneleriaherfe.com\\\/el-grano-de-la-madera\\\/\"]}]},{\"@type\":\"ImageObject\",\"inLanguage\":\"de\",\"@id\":\"https:\\\/\\\/www.toneleriaherfe.com\\\/el-grano-de-la-madera\\\/#primaryimage\",\"url\":\"https:\\\/\\\/www.toneleriaherfe.com\\\/wp-content\\\/uploads\\\/2024\\\/04\\\/Icon-paso-a-paso.svg\",\"contentUrl\":\"https:\\\/\\\/www.toneleriaherfe.com\\\/wp-content\\\/uploads\\\/2024\\\/04\\\/Icon-paso-a-paso.svg\"},{\"@type\":\"BreadcrumbList\",\"@id\":\"https:\\\/\\\/www.toneleriaherfe.com\\\/el-grano-de-la-madera\\\/#breadcrumb\",\"itemListElement\":[{\"@type\":\"ListItem\",\"position\":1,\"name\":\"Portada\",\"item\":\"https:\\\/\\\/www.toneleriaherfe.com\\\/\"},{\"@type\":\"ListItem\",\"position\":2,\"name\":\"El grano de la madera\"}]},{\"@type\":\"WebSite\",\"@id\":\"https:\\\/\\\/www.toneleriaherfe.com\\\/#website\",\"url\":\"https:\\\/\\\/www.toneleriaherfe.com\\\/\",\"name\":\"Toneler\u00eda Herfe\",\"description\":\"Fusionando tradici\u00f3n y modernidad en cada barrica que elaboramos\",\"publisher\":{\"@id\":\"https:\\\/\\\/www.toneleriaherfe.com\\\/#organization\"},\"potentialAction\":[{\"@type\":\"SearchAction\",\"target\":{\"@type\":\"EntryPoint\",\"urlTemplate\":\"https:\\\/\\\/www.toneleriaherfe.com\\\/?s={search_term_string}\"},\"query-input\":{\"@type\":\"PropertyValueSpecification\",\"valueRequired\":true,\"valueName\":\"search_term_string\"}}],\"inLanguage\":\"de\"},{\"@type\":\"Organization\",\"@id\":\"https:\\\/\\\/www.toneleriaherfe.com\\\/#organization\",\"name\":\"Toneler\u00eda Herfe\",\"url\":\"https:\\\/\\\/www.toneleriaherfe.com\\\/\",\"logo\":{\"@type\":\"ImageObject\",\"inLanguage\":\"de\",\"@id\":\"https:\\\/\\\/www.toneleriaherfe.com\\\/#\\\/schema\\\/logo\\\/image\\\/\",\"url\":\"https:\\\/\\\/www.toneleriaherfe.com\\\/wp-content\\\/uploads\\\/2024\\\/04\\\/Logo.svg\",\"contentUrl\":\"https:\\\/\\\/www.toneleriaherfe.com\\\/wp-content\\\/uploads\\\/2024\\\/04\\\/Logo.svg\",\"width\":67,\"height\":64,\"caption\":\"Toneler\u00eda Herfe\"},\"image\":{\"@id\":\"https:\\\/\\\/www.toneleriaherfe.com\\\/#\\\/schema\\\/logo\\\/image\\\/\"}}]}<\/script>\n<!-- \/ Yoast SEO plugin. -->","yoast_head_json":{"title":"El grano de la madera - Toneler\u00eda Herfe","robots":{"index":"index","follow":"follow","max-snippet":"max-snippet:-1","max-image-preview":"max-image-preview:large","max-video-preview":"max-video-preview:-1"},"canonical":"https:\/\/www.toneleriaherfe.com\/de\/el-grano-de-la-madera\/","og_locale":"de_DE","og_type":"article","og_title":"El grano de la madera - Toneler\u00eda Herfe","og_description":"El grano de la madera Entorno vivo Crecimiento natural Se denomina\u00a0grano\u00a0a los\u00a0anillos de crecimiento del roble. Un\u00a0grano fino\u00a0indicar\u00e1 que el crecimiento del \u00e1rbol ha sido muy lento. Un\u00a0grano grueso\u00a0indicar\u00e1 que el crecimiento del \u00e1rbol ha sido muy r\u00e1pido. El grano de la madera Roble Franc\u00e9s En la madera de\u00a0roble franc\u00e9s\u00a0el grano suele ser\u00a0muy fino. Lo [&hellip;]","og_url":"https:\/\/www.toneleriaherfe.com\/de\/el-grano-de-la-madera\/","og_site_name":"Toneler\u00eda Herfe","article_modified_time":"2024-04-25T05:50:40+00:00","og_image":[{"url":"https:\/\/www.toneleriaherfe.com\/wp-content\/uploads\/2024\/04\/Icon-paso-a-paso.svg","type":"","width":"","height":""}],"twitter_card":"summary_large_image","twitter_misc":{"Gesch\u00e4tzte Lesezeit":"3\u00a0Minuten"},"schema":{"@context":"https:\/\/schema.org","@graph":[{"@type":"WebPage","@id":"https:\/\/www.toneleriaherfe.com\/el-grano-de-la-madera\/","url":"https:\/\/www.toneleriaherfe.com\/el-grano-de-la-madera\/","name":"El grano de la madera - Toneler\u00eda Herfe","isPartOf":{"@id":"https:\/\/www.toneleriaherfe.com\/#website"},"primaryImageOfPage":{"@id":"https:\/\/www.toneleriaherfe.com\/el-grano-de-la-madera\/#primaryimage"},"image":{"@id":"https:\/\/www.toneleriaherfe.com\/el-grano-de-la-madera\/#primaryimage"},"thumbnailUrl":"https:\/\/www.toneleriaherfe.com\/wp-content\/uploads\/2024\/04\/Icon-paso-a-paso.svg","datePublished":"2024-04-25T05:12:42+00:00","dateModified":"2024-04-25T05:50:40+00:00","breadcrumb":{"@id":"https:\/\/www.toneleriaherfe.com\/el-grano-de-la-madera\/#breadcrumb"},"inLanguage":"de","potentialAction":[{"@type":"ReadAction","target":["https:\/\/www.toneleriaherfe.com\/el-grano-de-la-madera\/"]}]},{"@type":"ImageObject","inLanguage":"de","@id":"https:\/\/www.toneleriaherfe.com\/el-grano-de-la-madera\/#primaryimage","url":"https:\/\/www.toneleriaherfe.com\/wp-content\/uploads\/2024\/04\/Icon-paso-a-paso.svg","contentUrl":"https:\/\/www.toneleriaherfe.com\/wp-content\/uploads\/2024\/04\/Icon-paso-a-paso.svg"},{"@type":"BreadcrumbList","@id":"https:\/\/www.toneleriaherfe.com\/el-grano-de-la-madera\/#breadcrumb","itemListElement":[{"@type":"ListItem","position":1,"name":"Portada","item":"https:\/\/www.toneleriaherfe.com\/"},{"@type":"ListItem","position":2,"name":"El grano de la madera"}]},{"@type":"WebSite","@id":"https:\/\/www.toneleriaherfe.com\/#website","url":"https:\/\/www.toneleriaherfe.com\/","name":"Toneler\u00eda Herfe","description":"Fusionando tradici\u00f3n y modernidad en cada barrica que elaboramos","publisher":{"@id":"https:\/\/www.toneleriaherfe.com\/#organization"},"potentialAction":[{"@type":"SearchAction","target":{"@type":"EntryPoint","urlTemplate":"https:\/\/www.toneleriaherfe.com\/?s={search_term_string}"},"query-input":{"@type":"PropertyValueSpecification","valueRequired":true,"valueName":"search_term_string"}}],"inLanguage":"de"},{"@type":"Organization","@id":"https:\/\/www.toneleriaherfe.com\/#organization","name":"Toneler\u00eda Herfe","url":"https:\/\/www.toneleriaherfe.com\/","logo":{"@type":"ImageObject","inLanguage":"de","@id":"https:\/\/www.toneleriaherfe.com\/#\/schema\/logo\/image\/","url":"https:\/\/www.toneleriaherfe.com\/wp-content\/uploads\/2024\/04\/Logo.svg","contentUrl":"https:\/\/www.toneleriaherfe.com\/wp-content\/uploads\/2024\/04\/Logo.svg","width":67,"height":64,"caption":"Toneler\u00eda Herfe"},"image":{"@id":"https:\/\/www.toneleriaherfe.com\/#\/schema\/logo\/image\/"}}]}},"_links":{"self":[{"href":"https:\/\/www.toneleriaherfe.com\/de\/wp-json\/wp\/v2\/pages\/1582","targetHints":{"allow":["GET"]}}],"collection":[{"href":"https:\/\/www.toneleriaherfe.com\/de\/wp-json\/wp\/v2\/pages"}],"about":[{"href":"https:\/\/www.toneleriaherfe.com\/de\/wp-json\/wp\/v2\/types\/page"}],"author":[{"embeddable":true,"href":"https:\/\/www.toneleriaherfe.com\/de\/wp-json\/wp\/v2\/users\/1"}],"replies":[{"embeddable":true,"href":"https:\/\/www.toneleriaherfe.com\/de\/wp-json\/wp\/v2\/comments?post=1582"}],"version-history":[{"count":0,"href":"https:\/\/www.toneleriaherfe.com\/de\/wp-json\/wp\/v2\/pages\/1582\/revisions"}],"wp:attachment":[{"href":"https:\/\/www.toneleriaherfe.com\/de\/wp-json\/wp\/v2\/media?parent=1582"}],"curies":[{"name":"wp","href":"https:\/\/api.w.org\/{rel}","templated":true}]}}